{"id":23,"date":"2024-04-03T09:38:57","date_gmt":"2024-04-03T07:38:57","guid":{"rendered":"http:\/\/danse-arabesque.net\/?page_id=23"},"modified":"2025-06-18T17:15:20","modified_gmt":"2025-06-18T15:15:20","slug":"arabesque","status":"publish","type":"page","link":"https:\/\/danse-arabesque.net\/","title":{"rendered":"ARABESQUE &#8211; La passion de la danse classique"},"content":{"rendered":"\n<h5 class=\"wp-block-heading has-text-align-center\">_____________________________<\/h5>\n\n\n\n<div class=\"wp-block-columns is-layout-flex wp-container-core-columns-is-layout-9d6595d7 wp-block-columns-is-layout-flex\">\n<div class=\"wp-block-column is-layout-flow wp-block-column-is-layout-flow\">\n<div class=\"wp-block-group is-vertical is-layout-flex wp-container-core-group-is-layout-8cf370e7 wp-block-group-is-layout-flex\">\n<h3 class=\"wp-block-heading\">Notre \u00e9cole<\/h3>\n\n\n\n<figure class=\"wp-block-image size-medium is-resized\"><img loading=\"lazy\" decoding=\"async\" width=\"300\" height=\"195\" src=\"https:\/\/danse-arabesque.net\/wp-content\/uploads\/2024\/04\/Adultes-4-300x195.png\" alt=\"\" class=\"wp-image-233\" style=\"width:300px\" srcset=\"https:\/\/danse-arabesque.net\/wp-content\/uploads\/2024\/04\/Adultes-4-300x195.png 300w, https:\/\/danse-arabesque.net\/wp-content\/uploads\/2024\/04\/Adultes-4.png 655w\" sizes=\"auto, (max-width: 300px) 100vw, 300px\" \/><\/figure>\n\n\n\n<p>Fond\u00e9e il y a plus de quarante ans, notre \u00e9cole de danse, dirig\u00e9e par Dominique Pierreuse, dispose d&rsquo;une \u00e9quipe professionnelle, form\u00e9e \u00e0 l&rsquo;enseignement de la danse classique \u00e0 tous les niveaux, assist\u00e9e d&rsquo;une artiste chor\u00e9graphe et d&rsquo;une com\u00e9dienne qui accompagnent les \u00e9l\u00e8ves dans l&rsquo;apprentissage de toutes les composantes de la pratique artiste.<\/p>\n\n\n\n<p>Les cours se d\u00e9roulent dans la salle de danse de l&rsquo;espace socio-culturel de <strong>Templeuve<\/strong>.<\/p>\n<\/div>\n<\/div>\n\n\n\n<div class=\"wp-block-column is-layout-flow wp-block-column-is-layout-flow\">\n<div class=\"wp-block-group is-vertical is-layout-flex wp-container-core-group-is-layout-8cf370e7 wp-block-group-is-layout-flex\">\n<h3 class=\"wp-block-heading\">Nos cours<\/h3>\n\n\n\n<figure class=\"wp-block-image size-full is-resized\"><img loading=\"lazy\" decoding=\"async\" width=\"652\" height=\"428\" src=\"https:\/\/danse-arabesque.net\/wp-content\/uploads\/2024\/04\/barre-1.png\" alt=\"\" class=\"wp-image-235\" style=\"width:300px\" srcset=\"https:\/\/danse-arabesque.net\/wp-content\/uploads\/2024\/04\/barre-1.png 652w, https:\/\/danse-arabesque.net\/wp-content\/uploads\/2024\/04\/barre-1-300x197.png 300w\" sizes=\"auto, (max-width: 652px) 100vw, 652px\" \/><\/figure>\n\n\n\n<p>La danse classique est une base solide pour toutes autres danses et pour une multitudes de formes d&rsquo;expression, du th\u00e9\u00e2tre au cirque. <\/p>\n\n\n\n<p>Quel que soit votre \u00e2ge ou votre niveau, nous pourrons vous proposer un cours adapt\u00e9 : initiation, technique classique, contemporain. <\/p>\n\n\n\n<p>De nouveaux cours ont \u00e9t\u00e9 ouverts cette ann\u00e9e pour r\u00e9pondre aux attentes de nos \u00e9l\u00e8ves : N\u00e9o-classique, barre \u00e0 terre, adultes d\u00e9butants.<\/p>\n<\/div>\n<\/div>\n\n\n\n<div class=\"wp-block-column is-layout-flow wp-block-column-is-layout-flow\">\n<div class=\"wp-block-group is-vertical is-layout-flex wp-container-core-group-is-layout-8cf370e7 wp-block-group-is-layout-flex\">\n<h3 class=\"wp-block-heading\">Nos projets<\/h3>\n\n\n\n<figure class=\"wp-block-image size-full is-resized\"><img loading=\"lazy\" decoding=\"async\" width=\"657\" height=\"425\" src=\"https:\/\/danse-arabesque.net\/wp-content\/uploads\/2024\/04\/Flocons-3.png\" alt=\"\" class=\"wp-image-242\" style=\"width:300px\" srcset=\"https:\/\/danse-arabesque.net\/wp-content\/uploads\/2024\/04\/Flocons-3.png 657w, https:\/\/danse-arabesque.net\/wp-content\/uploads\/2024\/04\/Flocons-3-300x194.png 300w\" sizes=\"auto, (max-width: 657px) 100vw, 657px\" \/><\/figure>\n\n\n\n<p>Pour trouver tout son sens, le spectacle vivant a besoin d&rsquo;un public avec lequel partager ses \u00e9motions et ses cr\u00e9ations. C&rsquo;est pourquoi nous montons, tous les deux ans, un ballet du r\u00e9pertoire classique auquel tou.tes les \u00e9l\u00e8ves de l&rsquo;\u00e9cole participent.<\/p>\n\n\n\n<p>Casse-Noisette, le lac des cygnes, la bayad\u00e8re, Gis\u00e8le, Cendrillon, autant de noms qui font r\u00eaver petits et grands et que nous avons pr\u00e9sent\u00e9s au Colis\u00e9e de Roubaix au cours des derni\u00e8res ann\u00e9es.<\/p>\n<\/div>\n<\/div>\n<\/div>\n\n\n\n<div class=\"wp-block-columns is-layout-flex wp-container-core-columns-is-layout-9d6595d7 wp-block-columns-is-layout-flex\">\n<div class=\"wp-block-column is-layout-flow wp-block-column-is-layout-flow\">\n<div class=\"wp-block-group is-vertical is-layout-flex wp-container-core-group-is-layout-8cf370e7 wp-block-group-is-layout-flex\">\n<div class=\"wp-block-group is-vertical is-layout-flex wp-container-core-group-is-layout-8cf370e7 wp-block-group-is-layout-flex\">\n<h3 class=\"wp-block-heading\">Nos valeurs<\/h3>\n\n\n\n<figure class=\"wp-block-image size-full is-resized\"><img loading=\"lazy\" decoding=\"async\" width=\"652\" height=\"446\" src=\"https:\/\/danse-arabesque.net\/wp-content\/uploads\/2024\/04\/Couture-2.png\" alt=\"\" class=\"wp-image-243\" style=\"width:300px\" srcset=\"https:\/\/danse-arabesque.net\/wp-content\/uploads\/2024\/04\/Couture-2.png 652w, https:\/\/danse-arabesque.net\/wp-content\/uploads\/2024\/04\/Couture-2-300x205.png 300w\" sizes=\"auto, (max-width: 652px) 100vw, 652px\" \/><\/figure>\n\n\n\n<p>Notre projet p\u00e9dagogique repose sur une approche inclusive qui vise \u00e0 permettre \u00e0 toutes et tous de pratiques la danse dans les meilleures conditions. Afin de favoriser l&rsquo;esprit d&rsquo;\u00e9quipe, nos \u00e9l\u00e8ves participent \u00e0 la confection de tous les costumes et d\u00e9cors requis pour nos spectacles     <\/p>\n<\/div>\n<\/div>\n<\/div>\n\n\n\n<div class=\"wp-block-column is-layout-flow wp-block-column-is-layout-flow\">\n<div class=\"wp-block-group is-vertical is-layout-flex wp-container-core-group-is-layout-8cf370e7 wp-block-group-is-layout-flex\">\n<h3 class=\"wp-block-heading\">Inscriptions<\/h3>\n\n\n\n<figure class=\"wp-block-image size-full is-resized\"><img loading=\"lazy\" decoding=\"async\" width=\"635\" height=\"425\" src=\"https:\/\/danse-arabesque.net\/wp-content\/uploads\/2024\/04\/Pilates-4.png\" alt=\"\" class=\"wp-image-244\" style=\"width:300px\" srcset=\"https:\/\/danse-arabesque.net\/wp-content\/uploads\/2024\/04\/Pilates-4.png 635w, https:\/\/danse-arabesque.net\/wp-content\/uploads\/2024\/04\/Pilates-4-300x201.png 300w\" sizes=\"auto, (max-width: 635px) 100vw, 635px\" \/><\/figure>\n\n\n\n<p>Les inscriptions \u00e0 l&rsquo;\u00e9cole se font \u00e0 l&rsquo;ann\u00e9e. Les cours d\u00e9butent mi-septembre et se terminent fin juin. l&rsquo;ann\u00e9e comporte 32 s\u00e9ances dont la dur\u00e9e d\u00e9pend du niveau des \u00e9l\u00e8ves.<\/p>\n<\/div>\n<\/div>\n\n\n\n<div class=\"wp-block-column is-layout-flow wp-block-column-is-layout-flow\">\n<div class=\"wp-block-group is-vertical is-layout-flex wp-container-core-group-is-layout-8cf370e7 wp-block-group-is-layout-flex\">\n<h3 class=\"wp-block-heading\">Espace membres<\/h3>\n\n\n\n<figure class=\"wp-block-image size-full is-resized\"><img loading=\"lazy\" decoding=\"async\" width=\"648\" height=\"454\" src=\"https:\/\/danse-arabesque.net\/wp-content\/uploads\/2024\/04\/contemporain1_gris.png\" alt=\"\" class=\"wp-image-245\" style=\"width:300px\" srcset=\"https:\/\/danse-arabesque.net\/wp-content\/uploads\/2024\/04\/contemporain1_gris.png 648w, https:\/\/danse-arabesque.net\/wp-content\/uploads\/2024\/04\/contemporain1_gris-300x210.png 300w\" sizes=\"auto, (max-width: 648px) 100vw, 648px\" \/><\/figure>\n\n\n\n<p>Cet espace est r\u00e9serv\u00e9 aux \u00e9l\u00e8ves de l&rsquo;\u00e9cole. Vous pourrez y retrouver tous les \u00e9l\u00e9ments de votre dossier, les informations relatives \u00e0 nos projets en cours (stages, spectacles, animations), ainsi que des conseils et l&rsquo;album photo de l&rsquo;\u00e9cole.<\/p>\n<\/div>\n<\/div>\n<\/div>\n","protected":false},"excerpt":{"rendered":"<p>_____________________________ Notre \u00e9cole Fond\u00e9e il y a plus de quarante ans, notre \u00e9cole de danse, dirig\u00e9e par Dominique Pierreuse, dispose d&rsquo;une \u00e9quipe professionnelle, form\u00e9e \u00e0 l&rsquo;enseignement de la danse classique \u00e0 tous les niveaux, assist\u00e9e d&rsquo;une artiste chor\u00e9graphe et d&rsquo;une [&hellip;]<\/p>\n","protected":false},"author":1,"featured_media":0,"parent":0,"menu_order":0,"comment_status":"closed","ping_status":"closed","template":"","meta":{"footnotes":""},"class_list":["post-23","page","type-page","status-publish","hentry"],"_links":{"self":[{"href":"https:\/\/danse-arabesque.net\/index.php\/wp-json\/wp\/v2\/pages\/23","targetHints":{"allow":["GET"]}}],"collection":[{"href":"https:\/\/danse-arabesque.net\/index.php\/wp-json\/wp\/v2\/pages"}],"about":[{"href":"https:\/\/danse-arabesque.net\/index.php\/wp-json\/wp\/v2\/types\/page"}],"author":[{"embeddable":true,"href":"https:\/\/danse-arabesque.net\/index.php\/wp-json\/wp\/v2\/users\/1"}],"replies":[{"embeddable":true,"href":"https:\/\/danse-arabesque.net\/index.php\/wp-json\/wp\/v2\/comments?post=23"}],"version-history":[{"count":54,"href":"https:\/\/danse-arabesque.net\/index.php\/wp-json\/wp\/v2\/pages\/23\/revisions"}],"predecessor-version":[{"id":342,"href":"https:\/\/danse-arabesque.net\/index.php\/wp-json\/wp\/v2\/pages\/23\/revisions\/342"}],"wp:attachment":[{"href":"https:\/\/danse-arabesque.net\/index.php\/wp-json\/wp\/v2\/media?parent=23"}],"curies":[{"name":"wp","href":"https:\/\/api.w.org\/{rel}","templated":true}]}}